{"id":47,"date":"2022-12-07T17:18:00","date_gmt":"2022-12-07T16:18:00","guid":{"rendered":"https:\/\/consportoalegre.esteri.it\/news\/dal_consolato\/"},"modified":"2022-12-07T17:19:02","modified_gmt":"2022-12-07T16:19:02","slug":"dal_consolato","status":"publish","type":"page","link":"https:\/\/consportoalegre.esteri.it\/pt\/news\/dal_consolato\/","title":{"rendered":"Do Consulado Geral"},"content":{"rendered":"        <div class=\"row\">\n\t\t\t<!-- Ricerca sedi post -->\n\t\t\t<div class=\"col-12 mt-4\">\n\t\t\t  <div class=\"callout callout-highlight note ricerca-esteri p-4\">\n                    <div class=\"callout-title\">\n                        <svg class=\"icon\">\n                            <use xlink:href=\"https:\/\/consportoalegre.esteri.it\/wp-content\/themes\/sedi-tema\/assets\/svg\/sprites.svg#it-search\"><\/use>\n                        <\/svg>Insira seus par\u00e2metros de pesquisa                    <\/div>\n                    <form id=\"searchFormPost\" name=\"form-search-post\" class=\"form-row align-items-center\" action=\"https:\/\/consportoalegre.esteri.it\/pt\/wp-json\/wp\/v2\/pages\/47\/\" method=\"GET\"> \n                        <!-- <div class=\"form-group pt-5\"> -->\n                            <!-- <input type=\"hidden\" id=\"lang\" name=\"lang\" value=\"\"> --> <!-- <\/div> -->\n\n                        <div class=\"it-datepicker-wrapper\">\n                            <div class=\"row\">\n                                <div class=\"form-group col-md-6\">\n                                    <label class=\"active\" for=\"date-init\">De<\/label>\n                                    <input class=\"form-control\" name=\"date-init\" id=\"date-init\" type=\"date\" placeholder=\"gg\/mm\/aaaa\" value=\"\"lang=\"en-EN\">  \n                                <\/div>\n                                <div class=\"form-group col-md-6\">\n                                    <label class=\"active\" for=\"date-end\">Para o<\/label>\n                                    <input class=\"form-control\" name=\"date-end\" id=\"date-end\" type=\"date\" placeholder=\"gg\/mm\/aaaa\" value=\"\">\n                                <\/div>\n                            <\/div>\n                        <\/div>\n                        <div class=\"form-group col-md-12 mt-3\">\n                            <label for=\"searchText\">Campo de pesquisa gratuito<\/label>\n                            <input type=\"text\" name=\"searchText\" class=\"form-control\" id=\"searchText\" value=\"\">\n                        <\/div>\n                        <div class=\"form-group col-md-4 offset-md-8 text-end\">\n                            <a href=\"https:\/\/consportoalegre.esteri.it\/pt\/news\/dal_consolato\/\" title=\"Form reset\" id=\"resetImput\" class=\"btn btn-outline-primary btn-xs\">Reset<\/a>\n                            <button type=\"submit\" class=\"btn btn-primary btn-xs\">Mostrar resultados<\/button>\n                        <\/div>\n                    <\/form>\n\t\t\t\t<\/div>\n\t\t\t<\/div>\n\t\t<\/div>\n                    \n            <div class=\"row\">\n                            <div class=\"col-12 mt-3\">\n                <!--start card-->\n                <div class=\"card-wrapper card-space\">\n                    <div class=\"card card-bg card-big border-bottom-card\">\n                        <div class=\"card-body \">\n                                                        <div class=\"category-top\">\n                                                                                                            <span class=\"\">\n                                        <svg class=\"icon icon-secondary\">\n                                            <use xlink:href=\"https:\/\/consportoalegre.esteri.it\/wp-content\/themes\/sedi-tema\/assets\/svg\/sprites.svg#it-calendar\"><\/use>\n                                        <\/svg> 3 September 2026                                    <\/span>\n                                                                    <\/div>\n                            <h5 class=\"card-title big-heading text-uppercase\"><a class=\"text-body text-decoration-none\" href=\"https:\/\/consportoalegre.esteri.it\/pt\/news\/dal_consolato\/2026\/09\/eleicoes-do-comites-2026-como-solicitar-a-inscricao-no-cadastro-eleitoral\/\" title=\"ELEI\u00c7\u00d5ES DO COMITES 2026 \u2013 Como solicitar a inscri\u00e7\u00e3o no cadastro eleitoral\">ELEI\u00c7\u00d5ES DO COMITES 2026 \u2013 Como solicitar a inscri\u00e7\u00e3o no cadastro eleitoral<\/a><\/h5>\n                            <p class=\"card-text\">Para maiores informa\u00e7\u00f5es, consulte a p\u00e1gina em italiano. Clique no bot\u00e3o no canto superior direito IT<\/p>\n                                <a title=\"ELEI\u00c7\u00d5ES DO COMITES 2026 \u2013 Como solicitar a inscri\u00e7\u00e3o no cadastro eleitoral\" class=\"read-more\" href=\"https:\/\/consportoalegre.esteri.it\/pt\/news\/dal_consolato\/2026\/09\/eleicoes-do-comites-2026-como-solicitar-a-inscricao-no-cadastro-eleitoral\/\">\n                                    <span class=\"text\">Leia mais<\/span>\n                                    <svg class=\"icon\">\n                                    <use xlink:href=\"https:\/\/consportoalegre.esteri.it\/wp-content\/themes\/sedi-tema\/assets\/svg\/sprites.svg#it-arrow-right\"><\/use>\n                                    <\/svg>\n                                <\/a>\n                                                    <\/div>\n                    <\/div>\n                <\/div>\n                <!--end card-->\n                <\/div><!-- col-12 .mt-3-->\n                            <div class=\"col-12 mt-3\">\n                <!--start card-->\n                <div class=\"card-wrapper card-space\">\n                    <div class=\"card card-bg card-big border-bottom-card\">\n                        <div class=\"card-body \">\n                                                        <div class=\"category-top\">\n                                                                                                            <span class=\"\">\n                                        <svg class=\"icon icon-secondary\">\n                                            <use xlink:href=\"https:\/\/consportoalegre.esteri.it\/wp-content\/themes\/sedi-tema\/assets\/svg\/sprites.svg#it-calendar\"><\/use>\n                                        <\/svg> 2 September 2026                                    <\/span>\n                                                                    <\/div>\n                            <h5 class=\"card-title big-heading text-uppercase\"><a class=\"text-body text-decoration-none\" href=\"https:\/\/consportoalegre.esteri.it\/pt\/news\/dal_consolato\/2026\/09\/visita-do-consul-geral-a-camara-de-comercio\/\" title=\"Visita do C\u00f4nsul-Geral \u00e0 C\u00e2mara de Com\u00e9rcio\">Visita do C\u00f4nsul-Geral \u00e0 C\u00e2mara de Com\u00e9rcio<\/a><\/h5>\n                            <p class=\"card-text\">O C\u00f4nsul-Geral Luis Cavalieri visitou \u00e0 C\u00e2mara de Com\u00e9rcio Italiana do Rio Grande do Sul. Com 67 anos de intensa atividade e mais de 175 membros, a C\u00e2mara continua sendo a refer\u00eancia para as rela\u00e7\u00f5es comerciais entre a It\u00e1lia e o Rio Grande do Sul. &nbsp;<\/p>\n                                <a title=\"Visita do C\u00f4nsul-Geral \u00e0 C\u00e2mara de Com\u00e9rcio\" class=\"read-more\" href=\"https:\/\/consportoalegre.esteri.it\/pt\/news\/dal_consolato\/2026\/09\/visita-do-consul-geral-a-camara-de-comercio\/\">\n                                    <span class=\"text\">Leia mais<\/span>\n                                    <svg class=\"icon\">\n                                    <use xlink:href=\"https:\/\/consportoalegre.esteri.it\/wp-content\/themes\/sedi-tema\/assets\/svg\/sprites.svg#it-arrow-right\"><\/use>\n                                    <\/svg>\n                                <\/a>\n                                                    <\/div>\n                    <\/div>\n                <\/div>\n                <!--end card-->\n                <\/div><!-- col-12 .mt-3-->\n                            <div class=\"col-12 mt-3\">\n                <!--start card-->\n                <div class=\"card-wrapper card-space\">\n                    <div class=\"card card-bg card-big border-bottom-card\">\n                        <div class=\"card-body \">\n                                                        <div class=\"category-top\">\n                                                                                                            <span class=\"\">\n                                        <svg class=\"icon icon-secondary\">\n                                            <use xlink:href=\"https:\/\/consportoalegre.esteri.it\/wp-content\/themes\/sedi-tema\/assets\/svg\/sprites.svg#it-calendar\"><\/use>\n                                        <\/svg> 1 September 2026                                    <\/span>\n                                                                    <\/div>\n                            <h5 class=\"card-title big-heading text-uppercase\"><a class=\"text-body text-decoration-none\" href=\"https:\/\/consportoalegre.esteri.it\/pt\/news\/dal_consolato\/2026\/09\/consul-geral-luis-cavalieri-visita-o-governador-leite\/\" title=\"C\u00f4nsul Geral Luis Cavalieri visita o Governador Leite\">C\u00f4nsul Geral Luis Cavalieri visita o Governador Leite<\/a><\/h5>\n                            <p class=\"card-text\">Poucos dias ap\u00f3s sua chegada a Porto Alegre, o C\u00f4nsul Geral Luis Cavalieri foi recebido pelo Governador do Estado do Rio Grande do Sul, Eduardo Leite. Durante o encontro cordial, foram discutidos os principais temas das rela\u00e7\u00f5es comerciais entre o Estado e a It\u00e1lia, bem como quest\u00f5es relativas \u00e0 grande coletividade italiana e de origem [&hellip;]<\/p>\n                                <a title=\"C\u00f4nsul Geral Luis Cavalieri visita o Governador Leite\" class=\"read-more\" href=\"https:\/\/consportoalegre.esteri.it\/pt\/news\/dal_consolato\/2026\/09\/consul-geral-luis-cavalieri-visita-o-governador-leite\/\">\n                                    <span class=\"text\">Leia mais<\/span>\n                                    <svg class=\"icon\">\n                                    <use xlink:href=\"https:\/\/consportoalegre.esteri.it\/wp-content\/themes\/sedi-tema\/assets\/svg\/sprites.svg#it-arrow-right\"><\/use>\n                                    <\/svg>\n                                <\/a>\n                                                    <\/div>\n                    <\/div>\n                <\/div>\n                <!--end card-->\n                <\/div><!-- col-12 .mt-3-->\n                            <div class=\"col-12 mt-3\">\n                <!--start card-->\n                <div class=\"card-wrapper card-space\">\n                    <div class=\"card card-bg card-big border-bottom-card\">\n                        <div class=\"card-body \">\n                                                        <div class=\"category-top\">\n                                                                                                            <span class=\"\">\n                                        <svg class=\"icon icon-secondary\">\n                                            <use xlink:href=\"https:\/\/consportoalegre.esteri.it\/wp-content\/themes\/sedi-tema\/assets\/svg\/sprites.svg#it-calendar\"><\/use>\n                                        <\/svg> 11 August 2026                                    <\/span>\n                                                                    <\/div>\n                            <h5 class=\"card-title big-heading text-uppercase\"><a class=\"text-body text-decoration-none\" href=\"https:\/\/consportoalegre.esteri.it\/pt\/news\/dal_consolato\/2026\/08\/eleicoes-com-it-es-2026-preparacao-e-apresentacao-das-listas-eleitorais\/\" title=\"ELEI\u00c7\u00d5ES COM.IT.ES. 2026 \u2013 Prepara\u00e7\u00e3o e apresenta\u00e7\u00e3o das listas eleitorais\">ELEI\u00c7\u00d5ES COM.IT.ES. 2026 \u2013 Prepara\u00e7\u00e3o e apresenta\u00e7\u00e3o das listas eleitorais<\/a><\/h5>\n                            <p class=\"card-text\">Para maiores informa\u00e7\u00f5es, consulte a p\u00e1gina em italiano. Clique\u00a0no bot\u00e3o no canto superior direito IT<\/p>\n                                <a title=\"ELEI\u00c7\u00d5ES COM.IT.ES. 2026 \u2013 Prepara\u00e7\u00e3o e apresenta\u00e7\u00e3o das listas eleitorais\" class=\"read-more\" href=\"https:\/\/consportoalegre.esteri.it\/pt\/news\/dal_consolato\/2026\/08\/eleicoes-com-it-es-2026-preparacao-e-apresentacao-das-listas-eleitorais\/\">\n                                    <span class=\"text\">Leia mais<\/span>\n                                    <svg class=\"icon\">\n                                    <use xlink:href=\"https:\/\/consportoalegre.esteri.it\/wp-content\/themes\/sedi-tema\/assets\/svg\/sprites.svg#it-arrow-right\"><\/use>\n                                    <\/svg>\n                                <\/a>\n                                                    <\/div>\n                    <\/div>\n                <\/div>\n                <!--end card-->\n                <\/div><!-- col-12 .mt-3-->\n                            <div class=\"col-12 mt-3\">\n                <!--start card-->\n                <div class=\"card-wrapper card-space\">\n                    <div class=\"card card-bg card-big border-bottom-card\">\n                        <div class=\"card-body \">\n                                                        <div class=\"category-top\">\n                                                                                                            <span class=\"\">\n                                        <svg class=\"icon icon-secondary\">\n                                            <use xlink:href=\"https:\/\/consportoalegre.esteri.it\/wp-content\/themes\/sedi-tema\/assets\/svg\/sprites.svg#it-calendar\"><\/use>\n                                        <\/svg> 30 July 2026                                    <\/span>\n                                                                    <\/div>\n                            <h5 class=\"card-title big-heading text-uppercase\"><a class=\"text-body text-decoration-none\" href=\"https:\/\/consportoalegre.esteri.it\/pt\/news\/dal_consolato\/2026\/07\/fim-da-validade-da-carteira-de-identidade-em-papel-para-viagens-ao-exterior-a-partir-de-3-de-agosto-de-2026\/\" title=\"Fim da validade da carteira de identidade em papel para viagens ao exterior a partir de 3 de agosto de 2026\">Fim da validade da carteira de identidade em papel para viagens ao exterior a partir de 3 de agosto de 2026<\/a><\/h5>\n                            <p class=\"card-text\">A partir de 3 de agosto de 2026, a vers\u00e3o em papel da carteira de identidade deixar\u00e1 de ser v\u00e1lida para viagens ao exterior, independentemente da data de validade indicada no verso. No entanto, o Decreto-Lei n\u00ba 108, de 26\/06\/2026, introduziu algumas altera\u00e7\u00f5es importantes: A Carteira de Identidade em Papel ainda v\u00e1lida poder\u00e1 ser utilizada [&hellip;]<\/p>\n                                <a title=\"Fim da validade da carteira de identidade em papel para viagens ao exterior a partir de 3 de agosto de 2026\" class=\"read-more\" href=\"https:\/\/consportoalegre.esteri.it\/pt\/news\/dal_consolato\/2026\/07\/fim-da-validade-da-carteira-de-identidade-em-papel-para-viagens-ao-exterior-a-partir-de-3-de-agosto-de-2026\/\">\n                                    <span class=\"text\">Leia mais<\/span>\n                                    <svg class=\"icon\">\n                                    <use xlink:href=\"https:\/\/consportoalegre.esteri.it\/wp-content\/themes\/sedi-tema\/assets\/svg\/sprites.svg#it-arrow-right\"><\/use>\n                                    <\/svg>\n                                <\/a>\n                                                    <\/div>\n                    <\/div>\n                <\/div>\n                <!--end card-->\n                <\/div><!-- col-12 .mt-3-->\n                            <div class=\"col-12 mt-3\">\n                <!--start card-->\n                <div class=\"card-wrapper card-space\">\n                    <div class=\"card card-bg card-big border-bottom-card\">\n                        <div class=\"card-body \">\n                                                        <div class=\"category-top\">\n                                                                                                            <span class=\"\">\n                                        <svg class=\"icon icon-secondary\">\n                                            <use xlink:href=\"https:\/\/consportoalegre.esteri.it\/wp-content\/themes\/sedi-tema\/assets\/svg\/sprites.svg#it-calendar\"><\/use>\n                                        <\/svg> 22 July 2026                                    <\/span>\n                                                                    <\/div>\n                            <h5 class=\"card-title big-heading text-uppercase\"><a class=\"text-body text-decoration-none\" href=\"https:\/\/consportoalegre.esteri.it\/pt\/news\/dal_consolato\/2026\/07\/eleicoes-comites-2026\/\" title=\"Elei\u00e7\u00f5es COMITES 2026\">Elei\u00e7\u00f5es COMITES 2026<\/a><\/h5>\n                            <p class=\"card-text\">Em 2026 ser\u00e3o realizadas as elei\u00e7\u00f5es para a renova\u00e7\u00e3o dos Comit\u00eas dos Italianos no Exterior (Com.It.Es.). Os Com.It.Es. s\u00e3o \u00f3rg\u00e3os que representam os cidad\u00e3os italianos residentes no exterior nas rela\u00e7\u00f5es com as Embaixadas e os Consulados, al\u00e9m de promoverem sua integra\u00e7\u00e3o. Tamb\u00e9m t\u00eam a miss\u00e3o de preservar a mem\u00f3ria hist\u00f3rica da emigra\u00e7\u00e3o italiana e valorizar [&hellip;]<\/p>\n                                <a title=\"Elei\u00e7\u00f5es COMITES 2026\" class=\"read-more\" href=\"https:\/\/consportoalegre.esteri.it\/pt\/news\/dal_consolato\/2026\/07\/eleicoes-comites-2026\/\">\n                                    <span class=\"text\">Leia mais<\/span>\n                                    <svg class=\"icon\">\n                                    <use xlink:href=\"https:\/\/consportoalegre.esteri.it\/wp-content\/themes\/sedi-tema\/assets\/svg\/sprites.svg#it-arrow-right\"><\/use>\n                                    <\/svg>\n                                <\/a>\n                                                    <\/div>\n                    <\/div>\n                <\/div>\n                <!--end card-->\n                <\/div><!-- col-12 .mt-3-->\n                            <div class=\"col-12 mt-3\">\n                <!--start card-->\n                <div class=\"card-wrapper card-space\">\n                    <div class=\"card card-bg card-big border-bottom-card\">\n                        <div class=\"card-body \">\n                                                        <div class=\"category-top\">\n                                                                                                            <span class=\"\">\n                                        <svg class=\"icon icon-secondary\">\n                                            <use xlink:href=\"https:\/\/consportoalegre.esteri.it\/wp-content\/themes\/sedi-tema\/assets\/svg\/sprites.svg#it-calendar\"><\/use>\n                                        <\/svg> 16 July 2026                                    <\/span>\n                                                                    <\/div>\n                            <h5 class=\"card-title big-heading text-uppercase\"><a class=\"text-body text-decoration-none\" href=\"https:\/\/consportoalegre.esteri.it\/pt\/news\/dal_consolato\/2026\/07\/mensagem-de-agradecimento-ao-consul-geral\/\" title=\"Mensagem de agradecimento ao C\u00f4nsul-Geral\">Mensagem de agradecimento ao C\u00f4nsul-Geral<\/a><\/h5>\n                            <p class=\"card-text\">Hoje se encerra o mandato do C\u00f4nsul-Geral, Valerio Caruso. Agradecemos por estes quatro anos marcados por importantes conquistas para a comunidade \u00edtalo-ga\u00facha, vividos com compromisso, profissionalismo e dedica\u00e7\u00e3o. Desejamos muito sucesso nesta nova etapa de sua trajet\u00f3ria. Arrivederci, Console! \ud83c\uddee\ud83c\uddf9\ud83c\udde7\ud83c\uddf7<\/p>\n                                <a title=\"Mensagem de agradecimento ao C\u00f4nsul-Geral\" class=\"read-more\" href=\"https:\/\/consportoalegre.esteri.it\/pt\/news\/dal_consolato\/2026\/07\/mensagem-de-agradecimento-ao-consul-geral\/\">\n                                    <span class=\"text\">Leia mais<\/span>\n                                    <svg class=\"icon\">\n                                    <use xlink:href=\"https:\/\/consportoalegre.esteri.it\/wp-content\/themes\/sedi-tema\/assets\/svg\/sprites.svg#it-arrow-right\"><\/use>\n                                    <\/svg>\n                                <\/a>\n                                                    <\/div>\n                    <\/div>\n                <\/div>\n                <!--end card-->\n                <\/div><!-- col-12 .mt-3-->\n                            <div class=\"col-12 mt-3\">\n                <!--start card-->\n                <div class=\"card-wrapper card-space\">\n                    <div class=\"card card-bg card-big border-bottom-card\">\n                        <div class=\"card-body \">\n                                                        <div class=\"category-top\">\n                                                                                                            <span class=\"\">\n                                        <svg class=\"icon icon-secondary\">\n                                            <use xlink:href=\"https:\/\/consportoalegre.esteri.it\/wp-content\/themes\/sedi-tema\/assets\/svg\/sprites.svg#it-calendar\"><\/use>\n                                        <\/svg> 15 July 2026                                    <\/span>\n                                                                    <\/div>\n                            <h5 class=\"card-title big-heading text-uppercase\"><a class=\"text-body text-decoration-none\" href=\"https:\/\/consportoalegre.esteri.it\/pt\/news\/dal_consolato\/2026\/07\/rio-grande-do-sul-recebe-1a-edicao-de-festival-de-cinema-italian-screens\/\" title=\"Rio Grande do Sul recebe 1\u00aa edi\u00e7\u00e3o de festival de cinema Italian Screens\">Rio Grande do Sul recebe 1\u00aa edi\u00e7\u00e3o de festival de cinema Italian Screens<\/a><\/h5>\n                            <p class=\"card-text\">A primeira edi\u00e7\u00e3o do Italian Screens, programa oficial do governo italiano para promover o cinema da It\u00e1lia pelo mundo, foi conclu\u00edda com grande participa\u00e7\u00e3o de p\u00fablico no Rio Grande do Sul. O evento foi realizado pelo Consulado Geral da It\u00e1lia em Porto Alegre, em colabora\u00e7\u00e3o com o munic\u00edpio de Garibaldi. A iniciativa reuniu profissionais dos [&hellip;]<\/p>\n                                <a title=\"Rio Grande do Sul recebe 1\u00aa edi\u00e7\u00e3o de festival de cinema Italian Screens\" class=\"read-more\" href=\"https:\/\/consportoalegre.esteri.it\/pt\/news\/dal_consolato\/2026\/07\/rio-grande-do-sul-recebe-1a-edicao-de-festival-de-cinema-italian-screens\/\">\n                                    <span class=\"text\">Leia mais<\/span>\n                                    <svg class=\"icon\">\n                                    <use xlink:href=\"https:\/\/consportoalegre.esteri.it\/wp-content\/themes\/sedi-tema\/assets\/svg\/sprites.svg#it-arrow-right\"><\/use>\n                                    <\/svg>\n                                <\/a>\n                                                    <\/div>\n                    <\/div>\n                <\/div>\n                <!--end card-->\n                <\/div><!-- col-12 .mt-3-->\n                            <div class=\"col-12 mt-3\">\n                <!--start card-->\n                <div class=\"card-wrapper card-space\">\n                    <div class=\"card card-bg card-big border-bottom-card\">\n                        <div class=\"card-body \">\n                                                        <div class=\"category-top\">\n                                                                                                            <span class=\"\">\n                                        <svg class=\"icon icon-secondary\">\n                                            <use xlink:href=\"https:\/\/consportoalegre.esteri.it\/wp-content\/themes\/sedi-tema\/assets\/svg\/sprites.svg#it-calendar\"><\/use>\n                                        <\/svg> 2 July 2026                                    <\/span>\n                                                                    <\/div>\n                            <h5 class=\"card-title big-heading text-uppercase\"><a class=\"text-body text-decoration-none\" href=\"https:\/\/consportoalegre.esteri.it\/pt\/news\/dal_consolato\/2026\/07\/madre-o-mural-que-eterniza-a-imigracao-italiana-no-rio-grande-do-sul\/\" title=\"MADRE \u2013 O mural que eterniza a imigra\u00e7\u00e3o italiana no Rio Grande do Sul\">MADRE \u2013 O mural que eterniza a imigra\u00e7\u00e3o italiana no Rio Grande do Sul<\/a><\/h5>\n                            <p class=\"card-text\">J\u00e1 est\u00e1 dispon\u00edvel no canal do YouTube do Consulado-Geral da It\u00e1lia em Porto Alegre o document\u00e1rio \u201cMADRE\u201d, que apresenta os bastidores da cria\u00e7\u00e3o do mural de 45 metros inaugurado na nova sede consular, no Centro Hist\u00f3rico da cidade. A obra, realizada em homenagem aos 150 anos da imigra\u00e7\u00e3o italiana no Rio Grande do Sul, retrata [&hellip;]<\/p>\n                                <a title=\"MADRE \u2013 O mural que eterniza a imigra\u00e7\u00e3o italiana no Rio Grande do Sul\" class=\"read-more\" href=\"https:\/\/consportoalegre.esteri.it\/pt\/news\/dal_consolato\/2026\/07\/madre-o-mural-que-eterniza-a-imigracao-italiana-no-rio-grande-do-sul\/\">\n                                    <span class=\"text\">Leia mais<\/span>\n                                    <svg class=\"icon\">\n                                    <use xlink:href=\"https:\/\/consportoalegre.esteri.it\/wp-content\/themes\/sedi-tema\/assets\/svg\/sprites.svg#it-arrow-right\"><\/use>\n                                    <\/svg>\n                                <\/a>\n                                                    <\/div>\n                    <\/div>\n                <\/div>\n                <!--end card-->\n                <\/div><!-- col-12 .mt-3-->\n                            <div class=\"col-12 mt-3\">\n                <!--start card-->\n                <div class=\"card-wrapper card-space\">\n                    <div class=\"card card-bg card-big border-bottom-card\">\n                        <div class=\"card-body \">\n                                                        <div class=\"category-top\">\n                                                                                                            <span class=\"\">\n                                        <svg class=\"icon icon-secondary\">\n                                            <use xlink:href=\"https:\/\/consportoalegre.esteri.it\/wp-content\/themes\/sedi-tema\/assets\/svg\/sprites.svg#it-calendar\"><\/use>\n                                        <\/svg> 2 July 2026                                    <\/span>\n                                                                    <\/div>\n                            <h5 class=\"card-title big-heading text-uppercase\"><a class=\"text-body text-decoration-none\" href=\"https:\/\/consportoalegre.esteri.it\/pt\/news\/dal_consolato\/2026\/07\/aprimoramento-no-atendimento-do-call-center\/\" title=\"Aprimoramento no atendimento do Call Center\">Aprimoramento no atendimento do Call Center<\/a><\/h5>\n                            <p class=\"card-text\">Com a mudan\u00e7a para a nova sede, o Call Center passou a integrar a estrutura interna do Consulado. Isso significa respostas mais r\u00e1pidas e precisas, j\u00e1 que quem atende tem acesso direto ao sistema consular. \ud83d\udcde (51) 3010-1515 \ud83d\udcc5 Segunda a sexta-feira \ud83d\udd58 Das 9h \u00e0s 12h \u260e\ufe0f Atendimento exclusivo para liga\u00e7\u00f5es do Rio Grande [&hellip;]<\/p>\n                                <a title=\"Aprimoramento no atendimento do Call Center\" class=\"read-more\" href=\"https:\/\/consportoalegre.esteri.it\/pt\/news\/dal_consolato\/2026\/07\/aprimoramento-no-atendimento-do-call-center\/\">\n                                    <span class=\"text\">Leia mais<\/span>\n                                    <svg class=\"icon\">\n                                    <use xlink:href=\"https:\/\/consportoalegre.esteri.it\/wp-content\/themes\/sedi-tema\/assets\/svg\/sprites.svg#it-arrow-right\"><\/use>\n                                    <\/svg>\n                                <\/a>\n                                                    <\/div>\n                    <\/div>\n                <\/div>\n                <!--end card-->\n                <\/div><!-- col-12 .mt-3-->\n            \n            <div class=\"col-md-12 mt-4 pb-4\">\n                <nav class=\"navigation col-md-12\" aria-label=\"Navigation\">\n                    <h2 class=\"screen-reader-text visually-hidden\">Pagina\u00e7\u00e3o<\/h2>\n                    <div class=\"nav-links\">\n                    <span aria-current=\"page\" class=\"page-numbers current\">1<\/span>\n<a class=\"page-numbers\" href=\"https:\/\/consportoalegre.esteri.it\/pt\/wp-json\/wp\/v2\/pages\/47\/?pag=2\">2<\/a>\n<a class=\"page-numbers\" href=\"https:\/\/consportoalegre.esteri.it\/pt\/wp-json\/wp\/v2\/pages\/47\/?pag=3\">3<\/a>\n<span class=\"page-numbers dots\">&hellip;<\/span>\n<a class=\"page-numbers\" href=\"https:\/\/consportoalegre.esteri.it\/pt\/wp-json\/wp\/v2\/pages\/47\/?pag=44\">44<\/a>\n<a class=\"next page-numbers\" href=\"https:\/\/consportoalegre.esteri.it\/pt\/wp-json\/wp\/v2\/pages\/47\/?pag=2\"><svg class=\"icon icon-primary\"><use xlink:href=\"https:\/\/consportoalegre.esteri.it\/wp-content\/themes\/sedi-tema\/assets\/svg\/sprites.svg#it-chevron-right\"><\/use><\/svg>\n                                    <span class=\"visually-hidden\">Pr\u00f3xima p\u00e1gina<\/span><\/a>                    <\/div>\n                <\/nav>\n            <\/div>   <!--.col-md-12 -->\n              <\/div><!--.row -->\n              \n","protected":false},"excerpt":{"rendered":"","protected":false},"author":3,"featured_media":0,"parent":30,"menu_order":0,"comment_status":"closed","ping_status":"closed","template":"","meta":{"footnotes":""},"class_list":["post-47","page","type-page","status-publish","hentry"],"_links":{"self":[{"href":"https:\/\/consportoalegre.esteri.it\/pt\/wp-json\/wp\/v2\/pages\/47","targetHints":{"allow":["GET"]}}],"collection":[{"href":"https:\/\/consportoalegre.esteri.it\/pt\/wp-json\/wp\/v2\/pages"}],"about":[{"href":"https:\/\/consportoalegre.esteri.it\/pt\/wp-json\/wp\/v2\/types\/page"}],"author":[{"embeddable":true,"href":"https:\/\/consportoalegre.esteri.it\/pt\/wp-json\/wp\/v2\/users\/3"}],"replies":[{"embeddable":true,"href":"https:\/\/consportoalegre.esteri.it\/pt\/wp-json\/wp\/v2\/comments?post=47"}],"version-history":[{"count":0,"href":"https:\/\/consportoalegre.esteri.it\/pt\/wp-json\/wp\/v2\/pages\/47\/revisions"}],"up":[{"embeddable":true,"href":"https:\/\/consportoalegre.esteri.it\/pt\/wp-json\/wp\/v2\/pages\/30"}],"wp:attachment":[{"href":"https:\/\/consportoalegre.esteri.it\/pt\/wp-json\/wp\/v2\/media?parent=47"}],"curies":[{"name":"wp","href":"https:\/\/api.w.org\/{rel}","templated":true}]}}